{"id":1044,"date":"2022-08-19T10:38:19","date_gmt":"2022-08-19T08:38:19","guid":{"rendered":"https:\/\/calagranadella.com\/wie-man-dorthin-kommt\/parken\/"},"modified":"2024-08-15T11:45:03","modified_gmt":"2024-08-15T09:45:03","slug":"parking","status":"publish","type":"page","link":"https:\/\/calagranadella.com\/de\/wie-man-dorthin-kommt\/parking\/","title":{"rendered":"Parken"},"content":{"rendered":"<p>[vc_row][vc_column]<div id=\"ultimate-heading-465269ee763f3f5cf\" class=\"uvc-heading ult-adjust-bottom-margin ultimate-heading-465269ee763f3f5cf uvc-5635 \" data-hspacer=\"no_spacer\"  data-halign=\"left\" style=\"text-align:left\"><div class=\"uvc-heading-spacer no_spacer\" style=\"top\"><\/div><div class=\"uvc-sub-heading ult-responsive\"  data-ultimate-target='.uvc-heading.ultimate-heading-465269ee763f3f5cf .uvc-sub-heading '  data-responsive-json-new='{\"font-size\":\"\",\"line-height\":\"\"}'  style=\"font-weight:normal;\"><\/p>\n<p style=\"text-align: justify;\"><span style=\"font-weight: 400;\">Ich kann mir vorstellen, dass Sie hierher gekommen sind, weil Sie geh\u00f6rt haben, dass das Parken in der Granadella-Bucht eines der Handicaps dieser sch\u00f6nen Bucht ist, oder?<\/span><\/p>\n<p style=\"text-align: justify;\"><span style=\"font-weight: 400;\">Nun, Sie sollten wissen, dass dies Sie beunruhigen sollte, wenn es Hochsaison ist, das hei\u00dft, wenn Sie die Bucht von Granadella im Juni, Juli, August oder September besuchen werden, wenn Sie alle Informationen lesen, die ich Ihnen mitteilen werde, weil Sie sie brauchen \ud83d\ude42<\/span><\/p>\n<p style=\"text-align: justify;\"><span style=\"font-weight: 400;\">Wenn Sie hingegen in der Nebensaison reisen, sollte es kein Problem sein, in Granadella nicht zu parken, da die Zahl der Besucher viel geringer ist und das Parken im Allgemeinen einfach ist.<\/span><\/p>\n<p><\/div><\/div>[vc_empty_space height=&#8220;35px&#8220;][\/vc_column][\/vc_row][vc_row][vc_column][vc_single_image image=&#8220;634&#8243; img_size=&#8220;full&#8220; alignment=&#8220;center&#8220; onclick=&#8220;custom_link&#8220; img_link_target=&#8220;_blank&#8220; link=&#8220;https:\/\/marinalia.es\/deporte-y-aventura\/deportes-acuaticos\/excursiones-en-kayak\/613-excursion-kayak-cala-granadella-y-cueva-del-llop-mari.html&#8220;][\/vc_column][\/vc_row][vc_row][vc_column]<div id=\"ultimate-heading-97869ee763f3f677\" class=\"uvc-heading ult-adjust-bottom-margin ultimate-heading-97869ee763f3f677 uvc-1096 \" data-hspacer=\"no_spacer\"  data-halign=\"left\" style=\"text-align:left\"><div class=\"uvc-heading-spacer no_spacer\" style=\"top\"><\/div><div class=\"uvc-main-heading ult-responsive\"  data-ultimate-target='.uvc-heading.ultimate-heading-97869ee763f3f677 h2'  data-responsive-json-new='{\"font-size\":\"\",\"line-height\":\"\"}' ><h2 style=\"font-weight:normal;\">Parken in der Granadella-Bucht: Mission impossible?<\/h2><\/div><div class=\"uvc-sub-heading ult-responsive\"  data-ultimate-target='.uvc-heading.ultimate-heading-97869ee763f3f677 .uvc-sub-heading '  data-responsive-json-new='{\"font-size\":\"\",\"line-height\":\"\"}'  style=\"font-weight:normal;\"><\/p>\n<p style=\"text-align: justify;\"><span style=\"font-weight: 400;\">Das Parken an der Cala Granadella ist im Sommer ziemlich kompliziert, da dieser Strand in J\u00e1vea so \u00fcberf\u00fcllt ist, dass sich der Parkplatz sehr schnell f\u00fcllt. Wenn Sie die Bucht in den Sommermonaten besuchen, empfehle ich Ihnen, fr\u00fch am Morgen zu gehen, das erste Mal um 8:00-9:00 Uhr. Wenn Sie sp\u00e4ter ankommen, wird das Parken schwierig sein.<\/span><\/p>\n<p style=\"text-align: justify;\"><span style=\"font-weight: 400;\">Beachten Sie auch, dass es in der Hochsaison in den Sommermonaten eine Zugangskontrolle am oberen Ende der Bucht gibt, wenn Sie zur Bucht von Granadella hinunterfahren. An diesem Zugangspunkt wird die Bucht geschlossen, wenn sie zu 100 % ausgelastet ist, und niemand kann sie betreten, bis jemand sie verl\u00e4sst.<\/span><\/p>\n<p style=\"text-align: justify;\"><span style=\"font-weight: 400;\">Deshalb m\u00fcssen Sie, sobald Sie die Zugangskontrolle passiert haben, zu den 3 Bereichen fahren, die zum Parken eingerichtet wurden. Ich empfehle Ihnen, dies nicht zu tun, denn wenn Ihr Auto nicht auf dem Parkplatz steht, kann es sein, dass der Abschleppwagen es mitnimmt.<\/span><\/p>\n<p><\/div><\/div>[vc_raw_html]PHNjcmlwdCBhc3luYyBzcmM9Imh0dHBzOi8vcGFnZWFkMi5nb29nbGVzeW5kaWNhdGlvbi5jb20vcGFnZWFkL2pzL2Fkc2J5Z29vZ2xlLmpzP2NsaWVudD1jYS1wdWItMjIxMjQwNTMzMjY4ODYyOCIgY3Jvc3NvcmlnaW49ImFub255bW91cyI+PC9zY3JpcHQ+PCEtLSBDR191cmxfcGFya2luZyAtLT48aW5zIGNsYXNzPSJhZHNieWdvb2dsZSIgc3R5bGU9ImRpc3BsYXk6YmxvY2siIGRhdGEtYWQtY2xpZW50PSJjYS1wdWItMjIxMjQwNTMzMjY4ODYyOCIgZGF0YS1hZC1zbG90PSIxODI5MTA5MTgwIiBkYXRhLWFkLWZvcm1hdD0iYXV0byIgZGF0YS1mdWxsLXdpZHRoLXJlc3BvbnNpdmU9InRydWUiPjwvaW5zPjxzY3JpcHQ+KGFkc2J5Z29vZ2xlID0gd2luZG93LmFkc2J5Z29vZ2xlIHx8IFtdKS5wdXNoKHt9KTsKPC9zY3JpcHQ+[\/vc_raw_html][vc_empty_space][\/vc_column][\/vc_row][vc_row][vc_column]<div id=\"ultimate-heading-914969ee763f3f6f1\" class=\"uvc-heading ult-adjust-bottom-margin ultimate-heading-914969ee763f3f6f1 uvc-3500 \" data-hspacer=\"no_spacer\"  data-halign=\"left\" style=\"text-align:left\"><div class=\"uvc-heading-spacer no_spacer\" style=\"top\"><\/div><div class=\"uvc-main-heading ult-responsive\"  data-ultimate-target='.uvc-heading.ultimate-heading-914969ee763f3f6f1 h2'  data-responsive-json-new='{\"font-size\":\"\",\"line-height\":\"\"}' ><h2 style=\"font-weight:normal;\">Wo kann man in der Granadella-Bucht parken?<\/h2><\/div><div class=\"uvc-sub-heading ult-responsive\"  data-ultimate-target='.uvc-heading.ultimate-heading-914969ee763f3f6f1 .uvc-sub-heading '  data-responsive-json-new='{\"font-size\":\"\",\"line-height\":\"\"}'  style=\"font-weight:normal;\"><\/p>\n<p style=\"text-align: justify;\"><span style=\"font-weight: 400;\">In Cala Granadella gibt es 3 Bereiche, in denen Sie Ihr Auto oder Motorrad parken k\u00f6nnen. Der erste ist im Bereich der Schlucht, dann auf dem Parkplatz neben den Granadella-Restaurants und schlie\u00dflich in der Pic tort-Stra\u00dfe.<\/span><\/p>\n<p style=\"text-align: justify;\"><span style=\"font-weight: 400;\">In der untenstehenden Grafik sind die 3 Bereiche markiert, damit Sie, wenn Sie nach Cala Granadella fahren, wissen, wo Sie Ihr Auto parken k\u00f6nnen.<\/span><\/p>\n<p><\/div><\/div>[vc_raw_html]PHNjcmlwdCBhc3luYyBzcmM9Imh0dHBzOi8vcGFnZWFkMi5nb29nbGVzeW5kaWNhdGlvbi5jb20vcGFnZWFkL2pzL2Fkc2J5Z29vZ2xlLmpzP2NsaWVudD1jYS1wdWItMjIxMjQwNTMzMjY4ODYyOCIgY3Jvc3NvcmlnaW49ImFub255bW91cyI+PC9zY3JpcHQ+PCEtLSBDR191cmxfcGFya2luZyAtLT48aW5zIGNsYXNzPSJhZHNieWdvb2dsZSIgc3R5bGU9ImRpc3BsYXk6YmxvY2siIGRhdGEtYWQtY2xpZW50PSJjYS1wdWItMjIxMjQwNTMzMjY4ODYyOCIgZGF0YS1hZC1zbG90PSIxODI5MTA5MTgwIiBkYXRhLWFkLWZvcm1hdD0iYXV0byIgZGF0YS1mdWxsLXdpZHRoLXJlc3BvbnNpdmU9InRydWUiPjwvaW5zPjxzY3JpcHQ+KGFkc2J5Z29vZ2xlID0gd2luZG93LmFkc2J5Z29vZ2xlIHx8IFtdKS5wdXNoKHt9KTsKPC9zY3JpcHQ+[\/vc_raw_html][vc_raw_html]PHNjcmlwdCBhc3luYz0iIiBzcmM9Imh0dHBzOi8vY3NlLmdvb2dsZS5jb20vY3NlLmpzP2N4PTdjOTBlNTBjNDk5NDNmNDUwIj4KPC9zY3JpcHQ+CjxkaXYgY2xhc3M9Imdjc2Utc2VhcmNocmVzdWx0cy1vbmx5Ij48L2Rpdj4=[\/vc_raw_html][vc_empty_space height=&#8220;35px&#8220;][vc_single_image image=&#8220;366&#8243; img_size=&#8220;full&#8220;]<div id=\"ultimate-heading-193769ee763f3f75f\" class=\"uvc-heading ult-adjust-bottom-margin ultimate-heading-193769ee763f3f75f uvc-5860 \" data-hspacer=\"no_spacer\"  data-halign=\"left\" style=\"text-align:left\"><div class=\"uvc-heading-spacer no_spacer\" style=\"top\"><\/div><div class=\"uvc-main-heading ult-responsive\"  data-ultimate-target='.uvc-heading.ultimate-heading-193769ee763f3f75f h2'  data-responsive-json-new='{\"font-size\":\"\",\"line-height\":\"\"}' ><h2 style=\"font-weight:normal;\">Wie kann ich die Zugangskontrolle zur Granadella-Bucht passieren?<\/h2><\/div><div class=\"uvc-sub-heading ult-responsive\"  data-ultimate-target='.uvc-heading.ultimate-heading-193769ee763f3f75f .uvc-sub-heading '  data-responsive-json-new='{\"font-size\":\"\",\"line-height\":\"\"}'  style=\"font-weight:normal;\"><\/p>\n<p style=\"text-align: justify;\"><span style=\"font-weight: 400;\">Wie ich bereits zu Beginn dieses Textes erw\u00e4hnt habe, gibt es in der Hochsaison vor der Granadella-Bucht eine Zugangskontrolle zur Granadella-Bucht. Dieser Punkt erm\u00f6glicht im Sommer die Kontrolle, dass die Bucht die zul\u00e4ssige Kapazit\u00e4t hat, dass es keine \u00dcberbelegung gibt und somit eine gute Kontrolle der Personen, die eintreten.<\/span><\/p>\n<p style=\"text-align: justify;\"><span style=\"font-weight: 400;\">In den Sommermonaten kommt es h\u00e4ufig vor, dass man bei der Ankunft an der Zugangskontrolle warten muss, bis jemand herauskommt, bevor man eintreten kann. Daher ist es unter anderem erlaubt, zur Bucht von Granadella hinunterzugehen, wenn man eine vertraglich vereinbarte Aktivit\u00e4t in der Bucht hat. Das ist der Fall bei der Kajaktour von Cala Granadella aus.<\/span><\/p>\n<p><\/div><\/div>[vc_single_image image=&#8220;634&#8243; img_size=&#8220;full&#8220; alignment=&#8220;center&#8220; onclick=&#8220;custom_link&#8220; img_link_target=&#8220;_blank&#8220; link=&#8220;https:\/\/marinalia.es\/deporte-y-aventura\/deportes-acuaticos\/excursiones-en-kayak\/613-excursion-kayak-cala-granadella-y-cueva-del-llop-mari.html&#8220;][\/vc_column][\/vc_row][vc_row][vc_column]<div id=\"ultimate-heading-537369ee763f3f7f0\" class=\"uvc-heading ult-adjust-bottom-margin ultimate-heading-537369ee763f3f7f0 uvc-2019 \" data-hspacer=\"no_spacer\"  data-halign=\"center\" style=\"text-align:center\"><div class=\"uvc-heading-spacer no_spacer\" style=\"top\"><\/div><div class=\"uvc-main-heading ult-responsive\"  data-ultimate-target='.uvc-heading.ultimate-heading-537369ee763f3f7f0 h2'  data-responsive-json-new='{\"font-size\":\"\",\"line-height\":\"\"}' ><h2 style=\"font-weight:normal;margin-bottom:15px;\">Aktivit\u00e4ten in Granadella<\/h2><\/div><\/div>[\/vc_column][\/vc_row][vc_row][vc_column width=&#8220;1\/3&#8243;][vc_single_image image=&#8220;661&#8243; img_size=&#8220;full&#8220; alignment=&#8220;center&#8220; onclick=&#8220;custom_link&#8220; link=&#8220;https:\/\/marinalia.es\/deporte-y-aventura\/excursiones-en-el-mar\/excursiones-en-barco\/639-excursion-barco-javea-a-los-3-cabos.html&#8220;][vc_single_image image=&#8220;659&#8243; img_size=&#8220;full&#8220; alignment=&#8220;center&#8220; onclick=&#8220;custom_link&#8220; link=&#8220;https:\/\/marinalia.es\/deporte-y-aventura\/deportes-acuaticos\/518-alquiler-de-paddle-surf-en-javea.html&#8220;][\/vc_column][vc_column width=&#8220;1\/3&#8243;][vc_single_image image=&#8220;655&#8243; img_size=&#8220;full&#8220; alignment=&#8220;center&#8220; onclick=&#8220;custom_link&#8220; link=&#8220;https:\/\/marinalia.es\/deporte-y-aventura\/excursiones-en-el-mar\/atardecer-barco\/647-puesta-de-sol-barco-javea.html&#8220;][vc_single_image image=&#8220;667&#8243; img_size=&#8220;full&#8220; alignment=&#8220;center&#8220; onclick=&#8220;custom_link&#8220; link=&#8220;https:\/\/marinalia.es\/deporte-y-aventura\/deportes-acuaticos\/buceo-y-snorkel\/14-excursion-en-barco-al-cabo-la-nao-y-snorkeling.html&#8220;][\/vc_column][vc_column width=&#8220;1\/3&#8243;][vc_single_image image=&#8220;656&#8243; img_size=&#8220;full&#8220; alignment=&#8220;center&#8220; onclick=&#8220;custom_link&#8220; link=&#8220;https:\/\/marinalia.es\/deporte-y-aventura\/deportes-acuaticos\/buceo-y-snorkel\/640-paseo-catamaran-javea.html&#8220;][vc_single_image image=&#8220;654&#8243; img_size=&#8220;full&#8220; alignment=&#8220;center&#8220; onclick=&#8220;custom_link&#8220; link=&#8220;https:\/\/marinalia.es\/deporte-y-aventura\/excursiones-en-el-mar\/excursiones-en-kayak\/1144-excursion-kayak-cala-tango-javea.html&#8220;][\/vc_column][\/vc_row]<\/p>\n\n<div style=\"font-size: 0px; height: 0px; line-height: 0px; margin: 0; padding: 0; clear: both;\"><\/div>","protected":false},"excerpt":{"rendered":"<p>[vc_row][vc_column][vc_empty_space height=&#8220;35px&#8220;][\/vc_column][\/vc_row][vc_row][vc_column][vc_single_image image=&#8220;634&#8243; img_size=&#8220;full&#8220; alignment=&#8220;center&#8220; onclick=&#8220;custom_link&#8220; img_link_target=&#8220;_blank&#8220; link=&#8220;https:\/\/marinalia.es\/deporte-y-aventura\/deportes-acuaticos\/excursiones-en-kayak\/613-excursion-kayak-cala-granadella-y-cueva-del-llop-mari.html&#8220;][\/vc_column][\/vc_row][vc_row][vc_column][vc_raw_html]PHNjcmlwdCBhc3luYyBzcmM9Imh0dHBzOi8vcGFnZWFkMi5nb29nbGVzeW5kaWNhdGlvbi5jb20vcGFnZWFkL2pzL2Fkc2J5Z29vZ2xlLmpzP2NsaWVudD1jYS1wdWItMjIxMjQwNTMzMjY4ODYyOCIgY3Jvc3NvcmlnaW49ImFub255bW91cyI+PC9zY3JpcHQ+PCEtLSBDR191cmxfcGFya2luZyAtLT48aW5zIGNsYXNzPSJhZHNieWdvb2dsZSIgc3R5bGU9ImRpc3BsYXk6YmxvY2siIGRhdGEtYWQtY2xpZW50PSJjYS1wdWItMjIxMjQwNTMzMjY4ODYyOCIgZGF0YS1hZC1zbG90PSIxODI5MTA5MTgwIiBkYXRhLWFkLWZvcm1hdD0iYXV0byIgZGF0YS1mdWxsLXdpZHRoLXJlc3BvbnNpdmU9InRydWUiPjwvaW5zPjxzY3JpcHQ+KGFkc2J5Z29vZ2xlID0gd2luZG93LmFkc2J5Z29vZ2xlIHx8IFtdKS5wdXNoKHt9KTsKPC9zY3JpcHQ+[\/vc_raw_html][vc_empty_space][\/vc_column][\/vc_row][vc_row][vc_column][vc_raw_html]PHNjcmlwdCBhc3luYyBzcmM9Imh0dHBzOi8vcGFnZWFkMi5nb29nbGVzeW5kaWNhdGlvbi5jb20vcGFnZWFkL2pzL2Fkc2J5Z29vZ2xlLmpzP2NsaWVudD1jYS1wdWItMjIxMjQwNTMzMjY4ODYyOCIgY3Jvc3NvcmlnaW49ImFub255bW91cyI+PC9zY3JpcHQ+PCEtLSBDR191cmxfcGFya2luZyAtLT48aW5zIGNsYXNzPSJhZHNieWdvb2dsZSIgc3R5bGU9ImRpc3BsYXk6YmxvY2siIGRhdGEtYWQtY2xpZW50PSJjYS1wdWItMjIxMjQwNTMzMjY4ODYyOCIgZGF0YS1hZC1zbG90PSIxODI5MTA5MTgwIiBkYXRhLWFkLWZvcm1hdD0iYXV0byIgZGF0YS1mdWxsLXdpZHRoLXJlc3BvbnNpdmU9InRydWUiPjwvaW5zPjxzY3JpcHQ+KGFkc2J5Z29vZ2xlID0gd2luZG93LmFkc2J5Z29vZ2xlIHx8IFtdKS5wdXNoKHt9KTsKPC9zY3JpcHQ+[\/vc_raw_html][vc_raw_html]PHNjcmlwdCBhc3luYz0iIiBzcmM9Imh0dHBzOi8vY3NlLmdvb2dsZS5jb20vY3NlLmpzP2N4PTdjOTBlNTBjNDk5NDNmNDUwIj4KPC9zY3JpcHQ+CjxkaXYgY2xhc3M9Imdjc2Utc2VhcmNocmVzdWx0cy1vbmx5Ij48L2Rpdj4=[\/vc_raw_html][vc_empty_space height=&#8220;35px&#8220;][vc_single_image image=&#8220;366&#8243; img_size=&#8220;full&#8220;][vc_single_image image=&#8220;634&#8243; img_size=&#8220;full&#8220; alignment=&#8220;center&#8220; onclick=&#8220;custom_link&#8220; img_link_target=&#8220;_blank&#8220; link=&#8220;https:\/\/marinalia.es\/deporte-y-aventura\/deportes-acuaticos\/excursiones-en-kayak\/613-excursion-kayak-cala-granadella-y-cueva-del-llop-mari.html&#8220;][\/vc_column][\/vc_row][vc_row][vc_column][\/vc_column][\/vc_row][vc_row][vc_column width=&#8220;1\/3&#8243;][vc_single_image image=&#8220;661&#8243; img_size=&#8220;full&#8220; alignment=&#8220;center&#8220; onclick=&#8220;custom_link&#8220; link=&#8220;https:\/\/marinalia.es\/deporte-y-aventura\/excursiones-en-el-mar\/excursiones-en-barco\/639-excursion-barco-javea-a-los-3-cabos.html&#8220;][vc_single_image image=&#8220;659&#8243; img_size=&#8220;full&#8220; alignment=&#8220;center&#8220; onclick=&#8220;custom_link&#8220; link=&#8220;https:\/\/marinalia.es\/deporte-y-aventura\/deportes-acuaticos\/518-alquiler-de-paddle-surf-en-javea.html&#8220;][\/vc_column][vc_column width=&#8220;1\/3&#8243;][vc_single_image image=&#8220;655&#8243; img_size=&#8220;full&#8220; alignment=&#8220;center&#8220; onclick=&#8220;custom_link&#8220; link=&#8220;https:\/\/marinalia.es\/deporte-y-aventura\/excursiones-en-el-mar\/atardecer-barco\/647-puesta-de-sol-barco-javea.html&#8220;][vc_single_image image=&#8220;667&#8243; img_size=&#8220;full&#8220; alignment=&#8220;center&#8220; onclick=&#8220;custom_link&#8220; link=&#8220;https:\/\/marinalia.es\/deporte-y-aventura\/deportes-acuaticos\/buceo-y-snorkel\/14-excursion-en-barco-al-cabo-la-nao-y-snorkeling.html&#8220;][\/vc_column][vc_column width=&#8220;1\/3&#8243;][vc_single_image image=&#8220;656&#8243; img_size=&#8220;full&#8220; alignment=&#8220;center&#8220; onclick=&#8220;custom_link&#8220; link=&#8220;https:\/\/marinalia.es\/deporte-y-aventura\/deportes-acuaticos\/buceo-y-snorkel\/640-paseo-catamaran-javea.html&#8220;][vc_single_image image=&#8220;654&#8243; img_size=&#8220;full&#8220; alignment=&#8220;center&#8220; onclick=&#8220;custom_link&#8220; link=&#8220;https:\/\/marinalia.es\/deporte-y-aventura\/excursiones-en-el-mar\/excursiones-en-kayak\/1144-excursion-kayak-cala-tango-javea.html&#8220;][\/vc_column][\/vc_row]<\/p>\n","protected":false},"author":1,"featured_media":0,"parent":1033,"menu_order":0,"comment_status":"closed","ping_status":"closed","template":"","meta":{"_joinchat":[],"footnotes":""},"class_list":["post-1044","page","type-page","status-publish","hentry","description-off"],"_links":{"self":[{"href":"https:\/\/calagranadella.com\/de\/wp-json\/wp\/v2\/pages\/1044","targetHints":{"allow":["GET"]}}],"collection":[{"href":"https:\/\/calagranadella.com\/de\/wp-json\/wp\/v2\/pages"}],"about":[{"href":"https:\/\/calagranadella.com\/de\/wp-json\/wp\/v2\/types\/page"}],"author":[{"embeddable":true,"href":"https:\/\/calagranadella.com\/de\/wp-json\/wp\/v2\/users\/1"}],"replies":[{"embeddable":true,"href":"https:\/\/calagranadella.com\/de\/wp-json\/wp\/v2\/comments?post=1044"}],"version-history":[{"count":5,"href":"https:\/\/calagranadella.com\/de\/wp-json\/wp\/v2\/pages\/1044\/revisions"}],"predecessor-version":[{"id":1318,"href":"https:\/\/calagranadella.com\/de\/wp-json\/wp\/v2\/pages\/1044\/revisions\/1318"}],"up":[{"embeddable":true,"href":"https:\/\/calagranadella.com\/de\/wp-json\/wp\/v2\/pages\/1033"}],"wp:attachment":[{"href":"https:\/\/calagranadella.com\/de\/wp-json\/wp\/v2\/media?parent=1044"}],"curies":[{"name":"wp","href":"https:\/\/api.w.org\/{rel}","templated":true}]}}